{"id":63,"date":"2018-11-27T15:49:38","date_gmt":"2018-11-27T17:49:38","guid":{"rendered":"http:\/\/localhost\/colegiado\/?page_id=63"},"modified":"2024-01-15T11:54:30","modified_gmt":"2024-01-15T14:54:30","slug":"aproveitamento-de-estudos","status":"publish","type":"page","link":"https:\/\/colgrad.direito.ufmg.br\/?page_id=63","title":{"rendered":"Formul\u00e1rio &#8211; APROVEITAMENTO DE ESTUDOS \u2013 Dispensa de Disciplina"},"content":{"rendered":"<div class=\"attribute-short\">\n<p>Conforme a <span style=\"color: #ff9900;\"><a href=\"https:\/\/colgrad.direito.ufmg.br\/wp-content\/uploads\/2020\/08\/06rescepe2019.pdf\">Resolu\u00e7\u00e3o CEPE N\u00ba 06\/2019<\/a>,<\/span> o aluno que cursou disciplinas realizadas em outras institui\u00e7\u00f5es de ensino superior, nacionais ou internacionais poder\u00e3o solicitar o aproveitamento de estudos (dispensa de disciplina).<\/p>\n<p><strong>Crit\u00e9rios para solicitar o aproveitamento de estudos:<\/strong><\/p>\n<p>I \u2013 protocolizar o requerimento de aproveitamento de estudos, no m\u00e1ximo, at\u00e9 o segundo per\u00edodo letivo no per\u00edodo estipulado no Calend\u00e1rio Acad\u00eamico da UFMG;<\/p>\n<p>II \u2013 haver correspond\u00eancia entre a(s) atividade(s) cursada(s) em outra institui\u00e7\u00e3o de ensino superior e a atividade acad\u00eamica curricular constante do percurso curricular a que se vincula o (a) requerente e para a qual se solicita o aproveitamento;<\/p>\n<p>III \u2013 ter conclu\u00eddo a atividade antes da data de ingresso do(a) requerente na UFMG;<\/p>\n<p>IV \u2013 n\u00e3o ter sido o (a) requerente reprovado (a) na atividade acad\u00eamica curricular ofertada pela UFMG para a qual requer aproveitamento de estudos.<\/p>\n<p>O aproveitamento de estudos realizados em outras institui\u00e7\u00f5es de ensino superior, no \u00e2mbito de mobilidade acad\u00eamica nacional ou internacional, em per\u00edodo concomitante ao de forma\u00e7\u00e3o do(a) estudante no curso de gradua\u00e7\u00e3o dar-se-\u00e0 conforme disposto no art. 48 das <span style=\"color: #ff9900;\"><a href=\"https:\/\/www2.ufmg.br\/prograd\/prograd\/Pro-Reitoria-de-Graduacao\/Publicacoes\/Normas-Gerais-de-Graduacao\">Normas Gerais de Gradua\u00e7\u00e3o<\/a>.<\/span><\/p>\n<p>&nbsp;<\/p>\n<\/div>\n<p dir=\"ltr\"><strong>Solicita\u00e7\u00e3o de dispensa de carga hor\u00e1ria de Forma\u00e7\u00e3o Livre:<\/strong><\/p>\n<p dir=\"ltr\">O aluno poder\u00e1 solicitar dispensa de carga hor\u00e1ria de forma\u00e7\u00e3o livre (eletivas), para isso dever\u00e1 anexar apenas o hist\u00f3rico ao requerimento de aproveitamento de estudos e indicar disciplinas cursadas que n\u00e3o foram utilizadas em aproveitamentos anteriores. No campo \u201cDisciplina a ser dispensada (UFMG)\u201d, o requerente dever\u00e1 inserir \u201cForma\u00e7\u00e3o Livre\u201d e a carga hor\u00e1ria que deseja dispensar.<\/p>\n<p>A carga hor\u00e1ria m\u00e1xima dispensada ser\u00e1 a exigida pelo percurso de vincula\u00e7\u00e3o do estudante \u00e0 UFMG. Dessa forma, solicitamos por gentileza apenas o envio do contingente de disciplinas necess\u00e1rias para a dispensa das 60 horas exigidas.<\/p>\n<p dir=\"ltr\"><strong>Forma\u00e7\u00e3o complementar aberta:<\/strong><\/p>\n<p>\u00c9 imprescind\u00edvel que o <strong>aluno inclua no\u00a0PLANO DE ESTUDOS DO SIGA, na data estipulada pelo Calend\u00e1rio Acad\u00eamico, as disciplinas que ir\u00e1 aproveitar em FCA<\/strong>, visto que a Se\u00e7\u00e3o de Ensino \u00e9 impossibilitada de lan\u00e7ar esse tipo de dispensa sem a programa\u00e7\u00e3o pr\u00e9via do aluno.<\/p>\n<p dir=\"ltr\"><strong>Informa\u00e7\u00f5es adicionais:<\/strong><\/p>\n<p dir=\"ltr\">A dispensa de realiza\u00e7\u00e3o de atividades acad\u00eamicas curriculares, n\u00e3o poder\u00e1 ultrapassar 75% (setenta e cinco por cento) da carga hor\u00e1ria total do percurso de vincula\u00e7\u00e3o do estudante \u00e0 UFMG; No caso de solicita\u00e7\u00e3o de dispensa em disciplina(s) que o aluno estiver matriculado recomenda-se que o mesmo continue frequentando a(s) disciplina(s) at\u00e9 que obtenha resposta de seu(s) requerimento(s);<\/p>\n<div class=\"attribute-short\">\n<p>O aproveitamento de estudos por equival\u00eancia n\u00e3o ser\u00e1 considerado para o c\u00e1lculo de NSG (Nota Semestral Global);<\/p>\n<p>O aluno dever\u00e1 consultar o deferimento de sua solicita\u00e7\u00e3o no Sistema Acad\u00eamico \u201cSIGA UFMG\u201d em \u201cMINHAS OCORR\u00caNCIAS\u201d<\/p>\n<p><strong>Como solicitar:<\/strong><\/p>\n<p>1. Preencher o formul\u00e1rio (dispon\u00edvel na p\u00e1gina) informando as disciplinas para as quais se pretende dispensa;<\/p>\n<p>2. Anexar a ementa da disciplina (carimbada e autenticada pela Institui\u00e7\u00e3o de origem da disciplina; na impossibilidade de apresentar a ementa carimbada, a institui\u00e7\u00e3o de origem poder\u00e1 enviar e-mail (exclusivamente via e-mail institucional)\u00a0 atestando a autenticidade da ementa apresentada;<\/p>\n<p>3.\u00a0 Anexar o hist\u00f3rico escolar (emitido pela institui\u00e7\u00e3o onde foi cursada a disciplina).<\/p>\n<p><strong>Informa\u00e7\u00f5es adicionais:<\/strong><\/p>\n<p dir=\"ltr\">\u00c9 imprescind\u00edvel que o formul\u00e1rio\u00a0 seja enviado no formato digital ( em PDF<strong> )<\/strong>, por e-mail e exclusivamente para o endere\u00e7o eletr\u00f4nico: <a href=\"mailto:aproveitamentoestudos@direito.ufmg.br\" target=\"_blank\" rel=\"noopener\">aproveitamentoestudos@direito.ufmg.br<\/a><\/p>\n<p dir=\"ltr\">Informa\u00e7\u00f5es obrigat\u00f3rias: Nome completo e n\u00famero de\u00a0 matr\u00edcula<\/p>\n<p dir=\"ltr\">O aluno dever\u00e1 acompanhar pelo extrato de integraliza\u00e7\u00e3o o lan\u00e7amento dos requerimentos deferidos. <strong>Somente os requerimentos indeferidos ser\u00e3o comunicados por e-mail ao aluno.<\/strong><\/p>\n<p>4. Toda a documenta\u00e7\u00e3o relacionada deve ser enviada, em pdf, por e-mail para o endere\u00e7o eletr\u00f4nico: aproveitamentoestudos@direito.ufmg.br. Dever\u00e1 ser encaminhado um \u00fanico arquivo em pdf contendo hist\u00f3rico, anexos em separado contendo a ementa de cada disciplina cursada, e o formul\u00e1rio em pdf\u00a0 em um arquivo individual da mesma forma.<\/p>\n<p>Caso o formul\u00e1rio seja totalmente preenchido, <strong>n\u00e3o continuar em uma segunda p\u00e1gina<\/strong>. Enviar um segundo formul\u00e1rio em separado com as disciplinas restantes a serem dispensadas.<\/p>\n<p><a href=\"https:\/\/colgrad.direito.ufmg.br\/wp-content\/uploads\/2022\/04\/Aproveitamento-de-Estudos-NOVO-FORMULARIO-ALTERADO.pdf\">Aproveitamento de Estudos NOVO FORMUL\u00c1RIO <\/a><\/p>\n<p>Para realizar o aproveitamento \u00e9 importante dar uma olhada nas ementas das disciplinas do nosso curso, principalmente no que diz respeito ao conte\u00fado e \u00e0 carga hor\u00e1ria.<\/p>\n<p><a href=\".\/?page_id=867\">DIT \u2013 Ementas das Obrigat\u00f3rias<br \/>\n<\/a><a href=\".\/?page_id=838\">DIP \u2013 Ementas das Obrigat\u00f3rias<br \/>\n<\/a><a href=\".\/?page_id=822\">DIN \u2013 Ementas das Obrigat\u00f3rias<\/a><br \/>\n<a href=\".\/?page_id=791\">DIC \u2013 Ementas das Obrigat\u00f3rias<\/a><\/p>\n<p class=\" text-justify\" style=\"text-align: justify;\">Al\u00e9m disso, a entrega dessa documenta\u00e7\u00e3o ao Colegiado n\u00e3o acontece durante todo o semestre. \u00c9 preciso estar atento ao Calend\u00e1rio da UFMG para ver os dias em que calouros e veteranos poder\u00e3o apresentar seus requerimentos de Aproveitamento de Estudos.<\/p>\n<p class=\" text-justify\" style=\"text-align: left;\"><strong>ATEN\u00c7\u00c3O para os calouros: <\/strong><\/p>\n<p class=\" text-justify\" style=\"text-align: left;\">Ap\u00f3s defini\u00e7\u00e3o dos prazos do SISU para protocolar pedido de aproveitamento para os ingressantes no curso de Direito, os alunos devem:<\/p>\n<ul>\n<li class=\" text-justify\" style=\"text-align: left;\">Encaminhar o requerimento de modo digital e exclusivamente pelo endere\u00e7o<strong> aproveitamentoestudos@direito.ufmg.br. <\/strong><\/li>\n<li class=\" text-justify\" style=\"text-align: left;\">\u00a0Protocolar requerimento de <strong>Acerto de Matr\u00edcula de forma presencial<\/strong> no Colegiado, solicitando ajuste da grade de hor\u00e1rios <strong>desconsiderando as disciplinas que desejam dispensar<\/strong> e adicionando novas disciplinas.<\/li>\n<\/ul>\n<p>Formul\u00e1rio de Acerto: <a href=\"https:\/\/colgrad.direito.ufmg.br\/wp-content\/uploads\/2023\/08\/REQUERIMENTO-ACERTO-DE-MATRICULA.pdf\">REQUERIMENTO &#8211; ACERTO DE MATRICULA<\/a><\/p>\n<p>As disciplinas que forem indeferidas dever\u00e3o ser cursadas no per\u00edodo seguinte.<\/p>\n<\/div>\n<div class=\"attribute-short\">\n<p>Estamos disponibilizando as<strong> tabelas de equival\u00eancia <\/strong>das disciplinas para <strong>APROVEITAMENTO DE ESTUDOS <\/strong>a fim de que os alunos possam consultar antes de entregar a solicita\u00e7\u00e3o de aproveitamento de estudos.<\/p>\n<p style=\"text-align: left;\">Vale ressaltar que se trata EXCLUSIVAMENTE\u00a0 de um REQUERIMENTO e , mesmo que a tabela aponte a equival\u00eancia, N\u00c3O H\u00c1 GARANTIAS de que ser\u00e1 deferido. O DEFERIMENTO e a finaliza\u00e7\u00e3o de todo o processo, depender\u00e1 da an\u00e1lise e devolu\u00e7\u00e3o do resultado pelo departamento respons\u00e1vel pela disciplina, bem como aprecia\u00e7\u00e3o da Coordena\u00e7\u00e3o do Colegiado e Se\u00e7\u00e3o de Ensino.<\/p>\n<\/div>\n<div class=\"attribute-short\">\n<p class=\" text-justify\" style=\"text-align: justify;\"><b>Em caso de d\u00favidas, consultar a Resolu\u00e7\u00e3o respectiva.<\/b><\/p>\n<p class=\" text-justify\" style=\"text-align: justify;\"><b><a href=\".\/wp-content\/uploads\/2018\/12\/RESOLU\u00c7\u00c3O-N\u00ba-05-REGULAMENTA-A-DISPENSA-DE-DISCIPLINAS-Alterada-em-01-06-2017.pdf\">RESOLU\u00c7\u00c3O N\u00ba 05 &#8211; Regulamenta o Aproveitamento de Estudos<\/a><\/b><\/p>\n<p><a href=\"https:\/\/colgrad.direito.ufmg.br\/wp-content\/uploads\/2022\/09\/06rescepe2019.pdf\"><strong>Resolu\u00e7\u00e3o CEPE 06\/2019<\/strong><\/a><\/p>\n<\/div>\n<h3 style=\"text-align: justify;\"><span style=\"font-family: arial, helvetica, sans-serif;\">Tabelas de Equival\u00eancia<\/span><\/h3>\n<p>ATEN\u00c7\u00c3O: As tabelas a seguir funcionam como uma pr\u00e9via, levando em considera\u00e7\u00e3o pareceres anteriormente remetidos ao Colegiado. Os alunos requerentes podem solicitar tais pareceres exclusivamente no endere\u00e7o de e-mail do aproveitamento.<\/p>\n<p>Disciplinas em <strong>NEGRITO<\/strong>: <strong>Deferidas <\/strong><\/p>\n<p>Disciplinas em <span style=\"color: #ff0000;\">VERMELHO: Indeferidas<\/span><\/p>\n<p>Naturalmente as que t\u00eam o campo vazio carecem de parecer dos respectivos departamentos.<\/p>\n<p>&nbsp;<\/p>\n<table style=\"border-collapse: collapse; width: 100%; height: 120px;\">\n<tbody>\n<tr style=\"height: 24px;\">\n<td style=\"width: 100%; height: 24px;\"><a href=\"https:\/\/colgrad.direito.ufmg.br\/wp-content\/uploads\/2024\/01\/PUC-DISPENSAS-ATUALIZADO.pdf\">EQUIVAL\u00caNCIA &#8211; PUC MINAS<\/a><\/td>\n<\/tr>\n<tr style=\"height: 24px;\">\n<td style=\"width: 100%; height: 24px;\"><a href=\"https:\/\/colgrad.direito.ufmg.br\/wp-content\/uploads\/2024\/01\/DOM-HELDER-DISPENSAS.pdf\">EQUIVAL\u00caNCIA &#8211; DOM HELDER<\/a><\/td>\n<\/tr>\n<tr style=\"height: 24px;\">\n<td style=\"width: 100%; height: 24px;\"><a href=\"https:\/\/colgrad.direito.ufmg.br\/wp-content\/uploads\/2024\/01\/FUND.-JOAO-PINHEIRO-DISPENSAS.pdf\">EQUIVAL\u00caNCIA &#8211; FUNDA\u00c7\u00c3O JO\u00c3O PINHEIRO<\/a><\/td>\n<\/tr>\n<tr style=\"height: 24px;\">\n<td style=\"width: 100%; height: 24px;\"><a href=\"https:\/\/colgrad.direito.ufmg.br\/wp-content\/uploads\/2023\/01\/UNIFENAS.pdf\">EQUIVAL\u00caNCIA &#8211; UNIFENAS<\/a><\/td>\n<\/tr>\n<tr style=\"height: 24px;\">\n<td style=\"width: 100%; height: 24px;\"><a href=\"https:\/\/colgrad.direito.ufmg.br\/wp-content\/uploads\/2024\/01\/UNESP-UNIVERSIDADE-ESTADUAL-PAULISTA-.pdf\">EQUIVAL\u00caNCIA &#8211; UNESP <\/a><\/td>\n<\/tr>\n<tr style=\"height: 24px;\">\n<td style=\"width: 100%; height: 24px;\"><a href=\"https:\/\/colgrad.direito.ufmg.br\/wp-content\/uploads\/2023\/03\/FACULDADES-INTEGRADAS-DO-OESTE-DE-MINAS-1.pdf\">EQUIVAL\u00caNCIA &#8211; FACULDADES INTEGRADAS DO OESTE DE MINAS<\/a><\/td>\n<\/tr>\n<tr style=\"height: 24px;\">\n<td style=\"width: 100%; height: 24px;\"><a href=\"https:\/\/colgrad.direito.ufmg.br\/wp-content\/uploads\/2024\/01\/UFMG-CIENCIAS-DO-ESTADO.pdf\">EQUIVAL\u00caNCIA &#8211; UFMG &#8211; CI\u00caNCIAS DO ESTADO<\/a><\/td>\n<\/tr>\n<tr style=\"height: 24px;\">\n<td style=\"width: 100%; height: 24px;\"><a href=\"https:\/\/colgrad.direito.ufmg.br\/wp-content\/uploads\/2023\/04\/UFJF-UNIVERSIDADE-FEDERAL-DE-JUIZ-DE-FORA-1.pdf\">EQUIVAL\u00caNCIA &#8211; UNIVERSIDADE FEDERAL DE JUIZ DE FORA<\/a><\/td>\n<\/tr>\n<tr style=\"height: 24px;\">\n<td style=\"width: 100%; height: 24px;\"><a href=\"https:\/\/colgrad.direito.ufmg.br\/wp-content\/uploads\/2024\/01\/UFV-DISPENSAS.pdf\">EQUIVAL\u00caNCIA &#8211; UNIVERSIDADE FEDERAL DE VI\u00c7OSA<\/a><\/td>\n<\/tr>\n<\/tbody>\n<\/table>\n<p><strong><em>ATUALIZADO EM 15\/01\/2024<\/em><\/strong><\/p>\n","protected":false},"excerpt":{"rendered":"<p>Conforme a Resolu\u00e7\u00e3o CEPE N\u00ba 06\/2019, o aluno que cursou disciplinas realizadas em outras institui\u00e7\u00f5es de ensino superior, nacionais ou internacionais poder\u00e3o solicitar o aproveitamento de estudos (dispensa de disciplina).&hellip;<\/p>\n","protected":false},"author":1,"featured_media":0,"parent":0,"menu_order":0,"comment_status":"closed","ping_status":"closed","template":"","meta":{"footnotes":""},"class_list":["post-63","page","type-page","status-publish","hentry"],"publishpress_future_action":{"enabled":false,"date":"2026-05-08 05:20:26","action":"change-status","newStatus":"draft","terms":[],"taxonomy":"","extraData":[]},"publishpress_future_workflow_manual_trigger":{"enabledWorkflows":[]},"_links":{"self":[{"href":"https:\/\/colgrad.direito.ufmg.br\/index.php?rest_route=\/wp\/v2\/pages\/63","targetHints":{"allow":["GET"]}}],"collection":[{"href":"https:\/\/colgrad.direito.ufmg.br\/index.php?rest_route=\/wp\/v2\/pages"}],"about":[{"href":"https:\/\/colgrad.direito.ufmg.br\/index.php?rest_route=\/wp\/v2\/types\/page"}],"author":[{"embeddable":true,"href":"https:\/\/colgrad.direito.ufmg.br\/index.php?rest_route=\/wp\/v2\/users\/1"}],"replies":[{"embeddable":true,"href":"https:\/\/colgrad.direito.ufmg.br\/index.php?rest_route=%2Fwp%2Fv2%2Fcomments&post=63"}],"version-history":[{"count":18,"href":"https:\/\/colgrad.direito.ufmg.br\/index.php?rest_route=\/wp\/v2\/pages\/63\/revisions"}],"predecessor-version":[{"id":9409,"href":"https:\/\/colgrad.direito.ufmg.br\/index.php?rest_route=\/wp\/v2\/pages\/63\/revisions\/9409"}],"wp:attachment":[{"href":"https:\/\/colgrad.direito.ufmg.br\/index.php?rest_route=%2Fwp%2Fv2%2Fmedia&parent=63"}],"curies":[{"name":"wp","href":"https:\/\/api.w.org\/{rel}","templated":true}]}}